{"id":759,"date":"2018-01-09T15:00:53","date_gmt":"2018-01-09T15:00:53","guid":{"rendered":"http:\/\/arquersolivella.com\/wordpress\/?page_id=759"},"modified":"2024-08-28T18:58:41","modified_gmt":"2024-08-28T18:58:41","slug":"assemblea-general-ordinaria-2018","status":"publish","type":"page","link":"https:\/\/arquersolivella.com\/wordpress\/?page_id=759","title":{"rendered":"Assemblea General Ordin\u00e0ria 2023"},"content":{"rendered":"<p style=\"text-align: center;\"><img loading=\"lazy\" decoding=\"async\" class=\"aligncenter wp-image-96\" src=\"https:\/\/arquersolivella.com\/wordpress\/wp-content\/uploads\/2015\/12\/logo-300x300.png\" alt=\"logo\" width=\"179\" height=\"179\" srcset=\"https:\/\/arquersolivella.com\/wordpress\/wp-content\/uploads\/2015\/12\/logo-300x300.png 300w, https:\/\/arquersolivella.com\/wordpress\/wp-content\/uploads\/2015\/12\/logo-150x150.png 150w, https:\/\/arquersolivella.com\/wordpress\/wp-content\/uploads\/2015\/12\/logo-480x480.png 480w, https:\/\/arquersolivella.com\/wordpress\/wp-content\/uploads\/2015\/12\/logo-320x320.png 320w, https:\/\/arquersolivella.com\/wordpress\/wp-content\/uploads\/2015\/12\/logo-240x240.png 240w, https:\/\/arquersolivella.com\/wordpress\/wp-content\/uploads\/2015\/12\/logo.png 600w\" sizes=\"auto, (max-width: 179px) 100vw, 179px\" \/><\/p>\n<p style=\"font-size: 16px;\">Benvolguts socis i s\u00f2cies,<\/p>\n<p style=\"font-size: 16px;\">Per indicaci\u00f3 de la presidenta Cristina Sansa,&nbsp; se us informa que la propera Assemblea General Ordin\u00e0ria es dur\u00e0 a terme el proper diumenge 22 de gener a les 10:00 hores en primera convocat\u00f2ria, i a les 10:30 en segona convocat\u00f2ria amb els assistents presents.<\/p>\n<p style=\"font-size: 16px;\">Lloc: Centre Recreatiu Municipal El Ganxo , Avd. de la Sardana, 1- 08818 d&#8217;Olivella.<\/p>\n<p style=\"font-size: 16px;\">Ordre del dia:<\/p>\n<ol style=\"font-size: 16px;\">\n<li>Lectura i aprovaci\u00f3 de l&#8217;acta anterior.<\/li>\n<li>Resum del 2023.<\/li>\n<li>Estat de comptes 2023&nbsp; i pressupost pel 2024.<\/li>\n<li>Subvencions ajuntament.<\/li>\n<li>Subvencions del club per diferents activitats.<\/li>\n<li>Proposta de quota president\/a, tresorer\/a, SIieicretairi\/a. Quota socis sense llic\u00e8ncia.<\/li>\n<li>Conveni clubs Garraf.<\/li>\n<li>10\u00e8 aniversari de l\u00b4agermanament del club Orome(Caspe).<\/li>\n<li>Calendari 2024.<\/li>\n<li>Explicaci\u00f3 tirada A.C.T.LL.<\/li>\n<li>Precs i preguntes.<\/li>\n<\/ol>\n<div>\n<p style=\"font-size: 16px;\">Manel Castill\u00f3n Benages.<br \/>\nSecretari<\/p>\n<p><iframe loading=\"lazy\" style=\"border: 0;\" src=\"https:\/\/www.google.com\/maps\/embed?pb=!1m18!1m12!1m3!1d2996.76690504566!2d1.7713868152909715!3d41.31393420850858!2m3!1f0!2f0!3f0!3m2!1i1024!2i768!4f13.1!3m3!1m2!1s0x12a47ee76167d35b%3A0xc09b2b74c9ff9d8d!2sCentre+Recreatiu+Municipal+El+Ganxo!5e0!3m2!1sca!2ses!4v1546512873912\" allowfullscreen=\"allowfullscreen\" width=\"600\" height=\"450\" frameborder=\"0\"><\/iframe><\/p>\n<\/div>\n","protected":false},"excerpt":{"rendered":"<p>Benvolguts socis i s\u00f2cies, Per indicaci\u00f3 de la presidenta Cristina Sansa,&nbsp; se us informa que la propera Assemblea General Ordin\u00e0ria es dur\u00e0 a terme el proper diumenge 22 de gener a les 10:00 hores en primera convocat\u00f2ria, i a les 10:30 en segona convocat\u00f2ria amb els assistents presents. Lloc: Centre Recreatiu Municipal El Ganxo ,<\/p>\n<p><a href=\"https:\/\/arquersolivella.com\/wordpress\/?page_id=759\" class=\"more-link themebutton\">Read More<\/a><\/p>\n","protected":false},"author":2,"featured_media":0,"parent":21,"menu_order":0,"comment_status":"closed","ping_status":"closed","template":"","meta":{"footnotes":""},"class_list":["post-759","page","type-page","status-publish","hentry"],"_links":{"self":[{"href":"https:\/\/arquersolivella.com\/wordpress\/index.php?rest_route=\/wp\/v2\/pages\/759","targetHints":{"allow":["GET"]}}],"collection":[{"href":"https:\/\/arquersolivella.com\/wordpress\/index.php?rest_route=\/wp\/v2\/pages"}],"about":[{"href":"https:\/\/arquersolivella.com\/wordpress\/index.php?rest_route=\/wp\/v2\/types\/page"}],"author":[{"embeddable":true,"href":"https:\/\/arquersolivella.com\/wordpress\/index.php?rest_route=\/wp\/v2\/users\/2"}],"replies":[{"embeddable":true,"href":"https:\/\/arquersolivella.com\/wordpress\/index.php?rest_route=%2Fwp%2Fv2%2Fcomments&post=759"}],"version-history":[{"count":20,"href":"https:\/\/arquersolivella.com\/wordpress\/index.php?rest_route=\/wp\/v2\/pages\/759\/revisions"}],"predecessor-version":[{"id":2950,"href":"https:\/\/arquersolivella.com\/wordpress\/index.php?rest_route=\/wp\/v2\/pages\/759\/revisions\/2950"}],"up":[{"embeddable":true,"href":"https:\/\/arquersolivella.com\/wordpress\/index.php?rest_route=\/wp\/v2\/pages\/21"}],"wp:attachment":[{"href":"https:\/\/arquersolivella.com\/wordpress\/index.php?rest_route=%2Fwp%2Fv2%2Fmedia&parent=759"}],"curies":[{"name":"wp","href":"https:\/\/api.w.org\/{rel}","templated":true}]}}